{"id":444,"date":"2016-03-16T13:39:35","date_gmt":"2016-03-16T12:39:35","guid":{"rendered":"http:\/\/www.fewovermittlungkoeln.de\/content\/?page_id=444"},"modified":"2022-12-25T15:34:08","modified_gmt":"2022-12-25T14:34:08","slug":"28-messewohnung-stegerwald","status":"publish","type":"page","link":"https:\/\/www.fewovermittlungkoeln.de\/content\/ferienwohnung-koeln-uebersicht\/28-messewohnung-stegerwald\/","title":{"rendered":"28 Stegerwald Wohnung"},"content":{"rendered":"<p><!-- Einbindung slimbox --><\/p>\n<p><script type=\"text\/javascript\" src=\"slimbox\/js\/mootools.js\"><\/script><\/p>\n<p><script type=\"text\/javascript\" src=\"slimbox\/js\/slimbox.js\"><\/script><\/p>\n<p><!-- ende slimbox --><\/p>\n<h1>Messewohnung Stegerwald<\/h1>\n<p>F\u00fcr bis zu 5 Personen, komplett eingerichtete, familiengerechte 4 Zimmerwohnung<br \/>\nmit gro\u00dfem Wohnzimmer und 3 separaten Schlafr\u00e4umen (ca. 90 qm).<br \/>\nOptimale Verkehrsanbindung, das Messegel\u00e4nde K\u00f6ln-Deutz ist fu\u00dfla\u00fcfig erreichbar.<\/p>\n<p><strong>Ausstattung:<\/strong><br \/>\n\u2022 Balkon \u00a0\u00a0\u2022 Fernseher \u00a0\u00a0\u2022 Musikanlage<br \/>\n\u2022 K\u00fchlschrank \u00a0\u00a0\u2022 Toaster \u00a0\u00a0\u2022 Mikrowelle<br \/>\n\u2022 Kaffeemaschine \u00a0\u00a0\u2022 Backofen<br \/>\n\u2022 Nichtraucherwohnung<\/p>\n<h3><\/h3>\n<hr \/>\n<h3>gleich Verf\u00fcgbarkeit erfragen unter <span style=\"color: #439fe0;\">0176\/82155932<\/span><\/h3>\n<h3>bzw. per E-Mail unter <span style=\"color: #439fe0;\"><a href=\"mailto:xkoeln@googlemail.com?subjekt=Anfrage Whg.28\" target=\"_blank\" rel=\"noopener\">xkoeln@googlemail.com<\/a><\/span><\/h3>\n<h3>oder schnell das <span style=\"color: #439fe0;\"><a href=\"#kontakt\">Kontaktformular <\/a><\/span>ausf\u00fcllen!<\/h3>\n<hr \/>\n<p><a href=\"http:\/\/www.fewovermittlungkoeln.de\/content\/wp-content\/uploads\/DSC_0006.jpg\" rel=\"lightbox[rink]\"><img loading=\"lazy\" class=\"alignnone size-medium wp-image-451\" src=\"http:\/\/www.fewovermittlungkoeln.de\/content\/wp-content\/uploads\/DSC_0006-300x199.jpg\" alt=\"DSC_0006\" width=\"300\" height=\"199\" srcset=\"https:\/\/www.fewovermittlungkoeln.de\/content\/wp-content\/uploads\/DSC_0006-300x199.jpg 300w, https:\/\/www.fewovermittlungkoeln.de\/content\/wp-content\/uploads\/DSC_0006-150x100.jpg 150w, https:\/\/www.fewovermittlungkoeln.de\/content\/wp-content\/uploads\/DSC_0006.jpg 800w\" sizes=\"(max-width: 300px) 100vw, 300px\" \/><\/a>\u00a0 \u00a0<a href=\"http:\/\/www.fewovermittlungkoeln.de\/content\/wp-content\/uploads\/DSC_0007.jpg\" rel=\"lightbox[rink]\"><img loading=\"lazy\" class=\"alignnone size-medium wp-image-452\" src=\"http:\/\/www.fewovermittlungkoeln.de\/content\/wp-content\/uploads\/DSC_0007-300x199.jpg\" alt=\"DSC_0007\" width=\"300\" height=\"199\" srcset=\"https:\/\/www.fewovermittlungkoeln.de\/content\/wp-content\/uploads\/DSC_0007-300x199.jpg 300w, https:\/\/www.fewovermittlungkoeln.de\/content\/wp-content\/uploads\/DSC_0007-150x100.jpg 150w, https:\/\/www.fewovermittlungkoeln.de\/content\/wp-content\/uploads\/DSC_0007.jpg 800w\" sizes=\"(max-width: 300px) 100vw, 300px\" \/><\/a><\/p>\n<p><a href=\"http:\/\/www.fewovermittlungkoeln.de\/content\/wp-content\/uploads\/DSC_0075.jpg\" rel=\"lightbox[rink]\"><img loading=\"lazy\" class=\"alignnone size-medium wp-image-450\" src=\"http:\/\/www.fewovermittlungkoeln.de\/content\/wp-content\/uploads\/DSC_0075-300x199.jpg\" alt=\"DSC_0075\" width=\"300\" height=\"199\" srcset=\"https:\/\/www.fewovermittlungkoeln.de\/content\/wp-content\/uploads\/DSC_0075-300x199.jpg 300w, https:\/\/www.fewovermittlungkoeln.de\/content\/wp-content\/uploads\/DSC_0075-150x100.jpg 150w, https:\/\/www.fewovermittlungkoeln.de\/content\/wp-content\/uploads\/DSC_0075.jpg 800w\" sizes=\"(max-width: 300px) 100vw, 300px\" \/><\/a>\u00a0 \u00a0<a href=\"http:\/\/www.fewovermittlungkoeln.de\/content\/wp-content\/uploads\/DSC_0073.jpg\" rel=\"lightbox[rink]\"><img loading=\"lazy\" class=\"alignnone size-medium wp-image-449\" src=\"http:\/\/www.fewovermittlungkoeln.de\/content\/wp-content\/uploads\/DSC_0073-300x199.jpg\" alt=\"DSC_0073\" width=\"300\" height=\"199\" srcset=\"https:\/\/www.fewovermittlungkoeln.de\/content\/wp-content\/uploads\/DSC_0073-300x199.jpg 300w, https:\/\/www.fewovermittlungkoeln.de\/content\/wp-content\/uploads\/DSC_0073-150x100.jpg 150w, https:\/\/www.fewovermittlungkoeln.de\/content\/wp-content\/uploads\/DSC_0073.jpg 800w\" sizes=\"(max-width: 300px) 100vw, 300px\" \/><\/a><\/p>\n<p><a href=\"http:\/\/www.fewovermittlungkoeln.de\/content\/wp-content\/uploads\/DSC_0031.jpg\" rel=\"lightbox[rink]\"><img loading=\"lazy\" class=\"alignnone size-medium wp-image-446\" src=\"http:\/\/www.fewovermittlungkoeln.de\/content\/wp-content\/uploads\/DSC_0031-300x199.jpg\" alt=\"DSC_0031\" width=\"300\" height=\"199\" srcset=\"https:\/\/www.fewovermittlungkoeln.de\/content\/wp-content\/uploads\/DSC_0031-300x199.jpg 300w, https:\/\/www.fewovermittlungkoeln.de\/content\/wp-content\/uploads\/DSC_0031-150x100.jpg 150w, https:\/\/www.fewovermittlungkoeln.de\/content\/wp-content\/uploads\/DSC_0031.jpg 800w\" sizes=\"(max-width: 300px) 100vw, 300px\" \/><\/a>\u00a0 \u00a0<a href=\"http:\/\/www.fewovermittlungkoeln.de\/content\/wp-content\/uploads\/DSC_0068.jpg\" rel=\"lightbox[rink]\"><img loading=\"lazy\" class=\"alignnone size-medium wp-image-448\" src=\"http:\/\/www.fewovermittlungkoeln.de\/content\/wp-content\/uploads\/DSC_0068-300x199.jpg\" alt=\"DSC_0068\" width=\"300\" height=\"199\" srcset=\"https:\/\/www.fewovermittlungkoeln.de\/content\/wp-content\/uploads\/DSC_0068-300x199.jpg 300w, https:\/\/www.fewovermittlungkoeln.de\/content\/wp-content\/uploads\/DSC_0068-150x100.jpg 150w, https:\/\/www.fewovermittlungkoeln.de\/content\/wp-content\/uploads\/DSC_0068.jpg 800w\" sizes=\"(max-width: 300px) 100vw, 300px\" \/><\/a><\/p>\n<p><a href=\"http:\/\/www.fewovermittlungkoeln.de\/content\/wp-content\/uploads\/DSC_0026.jpg\" rel=\"lightbox[rink]\"><img loading=\"lazy\" class=\"alignnone size-medium wp-image-445\" src=\"http:\/\/www.fewovermittlungkoeln.de\/content\/wp-content\/uploads\/DSC_0026-300x199.jpg\" alt=\"DSC_0026\" width=\"300\" height=\"199\" srcset=\"https:\/\/www.fewovermittlungkoeln.de\/content\/wp-content\/uploads\/DSC_0026-300x199.jpg 300w, https:\/\/www.fewovermittlungkoeln.de\/content\/wp-content\/uploads\/DSC_0026-150x100.jpg 150w, https:\/\/www.fewovermittlungkoeln.de\/content\/wp-content\/uploads\/DSC_0026.jpg 800w\" sizes=\"(max-width: 300px) 100vw, 300px\" \/><\/a>\u00a0\u00a0 <a href=\"http:\/\/www.fewovermittlungkoeln.de\/content\/wp-content\/uploads\/DSC_0067.jpg\" rel=\"lightbox[rink]\"><img loading=\"lazy\" class=\"alignnone size-medium wp-image-447\" src=\"http:\/\/www.fewovermittlungkoeln.de\/content\/wp-content\/uploads\/DSC_0067-300x199.jpg\" alt=\"DSC_0067\" width=\"300\" height=\"199\" srcset=\"https:\/\/www.fewovermittlungkoeln.de\/content\/wp-content\/uploads\/DSC_0067-300x199.jpg 300w, https:\/\/www.fewovermittlungkoeln.de\/content\/wp-content\/uploads\/DSC_0067-150x100.jpg 150w, https:\/\/www.fewovermittlungkoeln.de\/content\/wp-content\/uploads\/DSC_0067.jpg 800w\" sizes=\"(max-width: 300px) 100vw, 300px\" \/><\/a><\/p>\n<p><a href=\"http:\/\/www.fewovermittlungkoeln.de\/content\/wp-content\/uploads\/DSC_0022.jpg\" rel=\"lightbox[rink]\"><img loading=\"lazy\" class=\"alignnone size-medium wp-image-454\" src=\"http:\/\/www.fewovermittlungkoeln.de\/content\/wp-content\/uploads\/DSC_0022-199x300.jpg\" alt=\"DSC_0022\" width=\"199\" height=\"300\" srcset=\"https:\/\/www.fewovermittlungkoeln.de\/content\/wp-content\/uploads\/DSC_0022-199x300.jpg 199w, https:\/\/www.fewovermittlungkoeln.de\/content\/wp-content\/uploads\/DSC_0022-100x150.jpg 100w, https:\/\/www.fewovermittlungkoeln.de\/content\/wp-content\/uploads\/DSC_0022.jpg 500w\" sizes=\"(max-width: 199px) 100vw, 199px\" \/><\/a>\u00a0 \u00a0<a href=\"http:\/\/www.fewovermittlungkoeln.de\/content\/wp-content\/uploads\/DSC_0014.jpg\" rel=\"lightbox[rink]\"><img loading=\"lazy\" class=\"alignnone size-medium wp-image-453\" src=\"http:\/\/www.fewovermittlungkoeln.de\/content\/wp-content\/uploads\/DSC_0014-300x199.jpg\" alt=\"DSC_0014\" width=\"300\" height=\"199\" srcset=\"https:\/\/www.fewovermittlungkoeln.de\/content\/wp-content\/uploads\/DSC_0014-300x199.jpg 300w, https:\/\/www.fewovermittlungkoeln.de\/content\/wp-content\/uploads\/DSC_0014-150x100.jpg 150w, https:\/\/www.fewovermittlungkoeln.de\/content\/wp-content\/uploads\/DSC_0014.jpg 800w\" sizes=\"(max-width: 300px) 100vw, 300px\" \/><\/a><\/p>\n<p><iframe src=\"http:\/\/maps.google.de\/maps?f=q&amp;source=s_q&amp;hl=de&amp;geocode=&amp;q=legienstrasse+14&amp;aq=&amp;sll=51.151786,10.415039&amp;sspn=22.03088,67.631836&amp;ie=UTF8&amp;hq=&amp;hnear=Legienstra%C3%9Fe+14,+K%C3%B6ln+51063+K%C3%B6ln,+Nordrhein-Westfalen&amp;ll=50.954264,6.984816&amp;spn=0.021627,0.04283&amp;z=14&amp;iwloc=A&amp;output=embed\" width=\"500\" height=\"400\" frameborder=\"0\" marginwidth=\"0\" marginheight=\"0\" scrolling=\"no\"><\/iframe><\/p>\n<hr \/>\n<h4 id=\"kontakt\">Preisgestaltung:<\/h4>\n<p>1 bis 2 Personen je Nacht: \u00a0 <strong>\u00a075 Euro*<\/strong><br \/>\n3 Personen je Nacht: \u00a0 \u00a0 \u00a0 \u00a0 \u00a0 \u00a0 <strong>90 Euro*<\/strong><br \/>\n4 Personen je Nacht: \u00a0 \u00a0 \u00a0 \u00a0 \u00a0 \u00a0<strong>100 Euro*<\/strong><br \/>\n5 Personen je Nacht: \u00a0 \u00a0 \u00a0 \u00a0 \u00a0 \u00a0<strong>120 Euro*<\/strong><\/p>\n<h5>Mindestaufenthalt: 2 N\u00e4chte<br \/>\nZu besonderen Ereignissen (z.B. Messezeiten, Karneval, Silvester) Preise auf Anfrage.<\/h5>\n<h6>*Alle Preise inklusive Mehrwertsteuer (7%)<br \/>\nbei privatem Aufenthalt zuz\u00fcglich 5% <a href=\"http:\/\/www.stadt-koeln.de\/politik-und-verwaltung\/finanzen\/kulturfoerderabgabe\" target=\"_blank\" rel=\"noopener\">Kulturf\u00f6rderabgabe<\/a>\u00a0der Stadt K\u00f6ln<\/h6>\n<p><strong>Wohnraum ID NRW 003-3-0010063-22 <\/strong><br \/>\n<span style=\"font-size: small;\"><br \/>\nAngaben zum Energieausweis: Baujahr 1976, Verbrauchsausweis, Endenergieverbrauch 196 kWh\/(m\u00b2a), \u00d6l, Energieeffizienzklasse im Ausweis nicht angegeben<br \/>\n<\/span><\/p>\n<hr \/>\n<h3>gleich Verf\u00fcgbarkeit erfragen unter <span style=\"color: #439fe0;\">0176\/82155932<\/span><\/h3>\n<h3>oder schnell das <span style=\"color: #439fe0;\">Kontaktformular <\/span>ausf\u00fcllen!<\/h3>\n<div role=\"form\" class=\"wpcf7\" id=\"wpcf7-f1616-o1\" lang=\"de-DE\" dir=\"ltr\">\n<div class=\"screen-reader-response\"><\/div>\n<form action=\"\/content\/wp-json\/wp\/v2\/pages\/444#wpcf7-f1616-o1\" method=\"post\" class=\"wpcf7-form\" novalidate=\"novalidate\">\n<div style=\"display: none;\">\n<input type=\"hidden\" name=\"_wpcf7\" value=\"1616\" \/>\n<input type=\"hidden\" name=\"_wpcf7_version\" value=\"5.0.1\" \/>\n<input type=\"hidden\" name=\"_wpcf7_locale\" value=\"de_DE\" \/>\n<input type=\"hidden\" name=\"_wpcf7_unit_tag\" value=\"wpcf7-f1616-o1\" \/>\n<input type=\"hidden\" name=\"_wpcf7_container_post\" value=\"0\" \/>\n<\/div>\n<p><label> Ihr Name<br \/>\n    <span class=\"wpcf7-form-control-wrap your-name\"><input type=\"text\" name=\"your-name\" value=\"\" size=\"40\" class=\"wpcf7-form-control wpcf7-text wpcf7-validates-as-required\" aria-required=\"true\" aria-invalid=\"false\" \/><\/span> <\/label><\/p>\n<p><label> Ihre E-Mail-Adresse<br \/>\n    <span class=\"wpcf7-form-control-wrap your-email\"><input type=\"email\" name=\"your-email\" value=\"\" size=\"40\" class=\"wpcf7-form-control wpcf7-text wpcf7-email wpcf7-validates-as-required wpcf7-validates-as-email\" aria-required=\"true\" aria-invalid=\"false\" \/><\/span> <\/label><\/p>\n<p><label> Personen<br \/>\n    <span class=\"wpcf7-form-control-wrap persons\"><input type=\"number\" name=\"persons\" value=\"\" class=\"wpcf7-form-control wpcf7-number wpcf7-validates-as-required wpcf7-validates-as-number\" min=\"1\" aria-required=\"true\" aria-invalid=\"false\" \/><\/span> <\/label><\/p>\n<p><label> Datum (von \/ bis)<br \/>\n<span class=\"wpcf7-form-control-wrap datum\"><input type=\"text\" name=\"datum\" value=\"\" size=\"40\" class=\"wpcf7-form-control wpcf7-text\" aria-invalid=\"false\" \/><\/span> <\/label><\/p>\n<p><label> Betreff<br \/>\n    <span class=\"wpcf7-form-control-wrap your-subject\"><input type=\"text\" name=\"your-subject\" value=\"\" size=\"40\" class=\"wpcf7-form-control wpcf7-text\" aria-invalid=\"false\" \/><\/span> <\/label><\/p>\n<p><label> Ihre Nachricht<br \/>\n    <span class=\"wpcf7-form-control-wrap your-message\"><textarea name=\"your-message\" cols=\"40\" rows=\"10\" class=\"wpcf7-form-control wpcf7-textarea\" aria-invalid=\"false\"><\/textarea><\/span> <\/label><\/p>\n<p><input type=\"submit\" value=\"Senden\" class=\"wpcf7-form-control wpcf7-submit\" \/> <font color=\"red\">Aufgrund der DSGVO bitte zuerst Checkbox unten aktiveren<\/font><\/p>\n<p>Dieses Formular speichert Ihren Daten und sendet uns damit eine E-Mail. Wir werden Ihre Anfrage damit umgehend beantworten.<\/p>\n<p><span class=\"wpcf7-form-control-wrap acceptance-66\"><span class=\"wpcf7-form-control wpcf7-acceptance\"><span class=\"wpcf7-list-item\"><label><input type=\"checkbox\" name=\"acceptance-66\" value=\"1\" aria-invalid=\"false\" \/><span class=\"wpcf7-list-item-label\">Ich stimme zu<\/span><\/label><\/span><\/span><\/span><\/p>\n<div class=\"wpcf7-response-output wpcf7-display-none\"><\/div><\/form><\/div>\n","protected":false},"excerpt":{"rendered":"<p>Messewohnung Stegerwald F\u00fcr bis zu 5 Personen, komplett eingerichtete, familiengerechte 4 Zimmerwohnung mit gro\u00dfem Wohnzimmer und 3 separaten Schlafr\u00e4umen (ca. 90 qm). Optimale Verkehrsanbindung, das Messegel\u00e4nde K\u00f6ln-Deutz ist fu\u00dfla\u00fcfig erreichbar. Ausstattung: \u2022 Balkon \u00a0\u00a0\u2022 Fernseher \u00a0\u00a0\u2022 Musikanlage \u2022 K\u00fchlschrank \u00a0\u00a0\u2022 Toaster \u00a0\u00a0\u2022 Mikrowelle \u2022 Kaffeemaschine \u00a0\u00a0\u2022 Backofen \u2022 Nichtraucherwohnung gleich Verf\u00fcgbarkeit erfragen unter 0176\/82155932 bzw.<\/p>\n","protected":false},"author":1,"featured_media":0,"parent":6,"menu_order":0,"comment_status":"closed","ping_status":"closed","template":"","meta":[],"_links":{"self":[{"href":"https:\/\/www.fewovermittlungkoeln.de\/content\/wp-json\/wp\/v2\/pages\/444"}],"collection":[{"href":"https:\/\/www.fewovermittlungkoeln.de\/content\/wp-json\/wp\/v2\/pages"}],"about":[{"href":"https:\/\/www.fewovermittlungkoeln.de\/content\/wp-json\/wp\/v2\/types\/page"}],"author":[{"embeddable":true,"href":"https:\/\/www.fewovermittlungkoeln.de\/content\/wp-json\/wp\/v2\/users\/1"}],"replies":[{"embeddable":true,"href":"https:\/\/www.fewovermittlungkoeln.de\/content\/wp-json\/wp\/v2\/comments?post=444"}],"version-history":[{"count":11,"href":"https:\/\/www.fewovermittlungkoeln.de\/content\/wp-json\/wp\/v2\/pages\/444\/revisions"}],"predecessor-version":[{"id":2194,"href":"https:\/\/www.fewovermittlungkoeln.de\/content\/wp-json\/wp\/v2\/pages\/444\/revisions\/2194"}],"up":[{"embeddable":true,"href":"https:\/\/www.fewovermittlungkoeln.de\/content\/wp-json\/wp\/v2\/pages\/6"}],"wp:attachment":[{"href":"https:\/\/www.fewovermittlungkoeln.de\/content\/wp-json\/wp\/v2\/media?parent=444"}],"curies":[{"name":"wp","href":"https:\/\/api.w.org\/{rel}","templated":true}]}}