{"id":334,"date":"2016-02-27T16:15:30","date_gmt":"2016-02-27T15:15:30","guid":{"rendered":"http:\/\/www.fewovermittlungkoeln.de\/content\/?page_id=334"},"modified":"2022-12-25T15:33:23","modified_gmt":"2022-12-25T14:33:23","slug":"17-bickendorf-2-stock","status":"publish","type":"page","link":"https:\/\/www.fewovermittlungkoeln.de\/content\/ferienwohnung-koeln-uebersicht\/17-bickendorf-2-stock\/","title":{"rendered":"17 Bickendorf Wohnung"},"content":{"rendered":"<p><!-- Einbindung slimbox --><\/p>\n<p><script type=\"text\/javascript\" src=\"slimbox\/js\/mootools.js\"><\/script><\/p>\n<p><script type=\"text\/javascript\" src=\"slimbox\/js\/slimbox.js\"><\/script><\/p>\n<p><!-- ende slimbox --><\/p>\n<h1>Bickendorf\/ Gro\u00dfe Dachwohnung<\/h1>\n<p>F\u00fcr bis zu 5 Personen, komplett eingerichtete 3 Dachgescho\u00dfwohnung (80 qm).<\/p>\n<p><strong>Ausstattung:<\/strong><br \/>\n\u2022 Fernseher \u00a0\u00a0\u2022 Musikanlage \u00a0\u00a0\u2022\u00a0Gefriertruhe<br \/>\n\u2022 K\u00fchlschrank \u00a0\u00a0\u2022 Toaster \u00a0\u00a0\u2022 Mikrowelle<br \/>\n\u2022 Kaffeemaschine \u00a0\u00a0\u2022 Backofen<\/p>\n<h3><\/h3>\n<hr \/>\n<h3>gleich Verf\u00fcgbarkeit erfragen unter <span style=\"color: #439fe0;\">0176\/82155932<\/span><\/h3>\n<h3>bzw. per E-Mail unter <span style=\"color: #439fe0;\"><a href=\"mailto:xkoeln@googlemail.com?subjekt=Anfrage Whg.17\" target=\"_blank\" rel=\"noopener\">xkoeln@googlemail.com<\/a><\/span><\/h3>\n<h3>oder schnell das <span style=\"color: #439fe0;\"><a href=\"#kontakt\">Kontaktformular <\/a><\/span>ausf\u00fcllen!<\/h3>\n<hr \/>\n<p><a href=\"http:\/\/www.fewovermittlungkoeln.de\/content\/wp-content\/uploads\/P1020240.jpg\" rel=\"lightbox[rink]\"><br \/>\n<img loading=\"lazy\" class=\"alignnone size-medium wp-image-335\" src=\"http:\/\/www.fewovermittlungkoeln.de\/content\/wp-content\/uploads\/P1020240-300x225.jpg\" alt=\"P1020240\" width=\"300\" height=\"225\" srcset=\"https:\/\/www.fewovermittlungkoeln.de\/content\/wp-content\/uploads\/P1020240-300x225.jpg 300w, https:\/\/www.fewovermittlungkoeln.de\/content\/wp-content\/uploads\/P1020240-150x113.jpg 150w, https:\/\/www.fewovermittlungkoeln.de\/content\/wp-content\/uploads\/P1020240.jpg 1000w\" sizes=\"(max-width: 300px) 100vw, 300px\" \/><\/a>\u00a0 \u00a0<a href=\"http:\/\/www.fewovermittlungkoeln.de\/content\/wp-content\/uploads\/P1020241.jpg\" rel=\"lightbox[rink]\"><img loading=\"lazy\" class=\"alignnone size-medium wp-image-336\" src=\"http:\/\/www.fewovermittlungkoeln.de\/content\/wp-content\/uploads\/P1020241-300x225.jpg\" alt=\"P1020241\" width=\"300\" height=\"225\" srcset=\"https:\/\/www.fewovermittlungkoeln.de\/content\/wp-content\/uploads\/P1020241-300x225.jpg 300w, https:\/\/www.fewovermittlungkoeln.de\/content\/wp-content\/uploads\/P1020241-150x113.jpg 150w, https:\/\/www.fewovermittlungkoeln.de\/content\/wp-content\/uploads\/P1020241.jpg 1000w\" sizes=\"(max-width: 300px) 100vw, 300px\" \/><\/a><\/p>\n<p><a href=\"http:\/\/www.fewovermittlungkoeln.de\/content\/wp-content\/uploads\/P1020242.jpg\" rel=\"lightbox[rink]\"><img loading=\"lazy\" class=\"alignnone size-medium wp-image-337\" src=\"http:\/\/www.fewovermittlungkoeln.de\/content\/wp-content\/uploads\/P1020242-300x225.jpg\" alt=\"P1020242\" width=\"300\" height=\"225\" srcset=\"https:\/\/www.fewovermittlungkoeln.de\/content\/wp-content\/uploads\/P1020242-300x225.jpg 300w, https:\/\/www.fewovermittlungkoeln.de\/content\/wp-content\/uploads\/P1020242-150x113.jpg 150w, https:\/\/www.fewovermittlungkoeln.de\/content\/wp-content\/uploads\/P1020242.jpg 1000w\" sizes=\"(max-width: 300px) 100vw, 300px\" \/><\/a>\u00a0 \u00a0<a href=\"http:\/\/www.fewovermittlungkoeln.de\/content\/wp-content\/uploads\/P1020244.jpg\" rel=\"lightbox[rink]\"><img loading=\"lazy\" class=\"alignnone size-medium wp-image-338\" src=\"http:\/\/www.fewovermittlungkoeln.de\/content\/wp-content\/uploads\/P1020244-300x225.jpg\" alt=\"P1020244\" width=\"300\" height=\"225\" srcset=\"https:\/\/www.fewovermittlungkoeln.de\/content\/wp-content\/uploads\/P1020244-300x225.jpg 300w, https:\/\/www.fewovermittlungkoeln.de\/content\/wp-content\/uploads\/P1020244-150x113.jpg 150w, https:\/\/www.fewovermittlungkoeln.de\/content\/wp-content\/uploads\/P1020244.jpg 1000w\" sizes=\"(max-width: 300px) 100vw, 300px\" \/><\/a><\/p>\n<p><a href=\"http:\/\/www.fewovermittlungkoeln.de\/content\/wp-content\/uploads\/P1020246.jpg\" rel=\"lightbox[rink]\"><img loading=\"lazy\" class=\"alignnone size-medium wp-image-339\" src=\"http:\/\/www.fewovermittlungkoeln.de\/content\/wp-content\/uploads\/P1020246-225x300.jpg\" alt=\"P1020246\" width=\"225\" height=\"300\" srcset=\"https:\/\/www.fewovermittlungkoeln.de\/content\/wp-content\/uploads\/P1020246-225x300.jpg 225w, https:\/\/www.fewovermittlungkoeln.de\/content\/wp-content\/uploads\/P1020246-113x150.jpg 113w, https:\/\/www.fewovermittlungkoeln.de\/content\/wp-content\/uploads\/P1020246.jpg 667w\" sizes=\"(max-width: 225px) 100vw, 225px\" \/><\/a>\u00a0 \u00a0<a href=\"http:\/\/www.fewovermittlungkoeln.de\/content\/wp-content\/uploads\/P1020248.jpg\" rel=\"lightbox[rink]\"><img loading=\"lazy\" class=\"alignnone size-medium wp-image-341\" src=\"http:\/\/www.fewovermittlungkoeln.de\/content\/wp-content\/uploads\/P1020248-225x300.jpg\" alt=\"P1020248\" width=\"225\" height=\"300\" srcset=\"https:\/\/www.fewovermittlungkoeln.de\/content\/wp-content\/uploads\/P1020248-225x300.jpg 225w, https:\/\/www.fewovermittlungkoeln.de\/content\/wp-content\/uploads\/P1020248-113x150.jpg 113w, https:\/\/www.fewovermittlungkoeln.de\/content\/wp-content\/uploads\/P1020248.jpg 667w\" sizes=\"(max-width: 225px) 100vw, 225px\" \/><\/a><\/p>\n<p><a href=\"http:\/\/www.fewovermittlungkoeln.de\/content\/wp-content\/uploads\/P1020247.jpg\" rel=\"lightbox[rink]\"><img loading=\"lazy\" class=\"alignnone size-medium wp-image-340\" src=\"http:\/\/www.fewovermittlungkoeln.de\/content\/wp-content\/uploads\/P1020247-300x225.jpg\" alt=\"P1020247\" width=\"300\" height=\"225\" srcset=\"https:\/\/www.fewovermittlungkoeln.de\/content\/wp-content\/uploads\/P1020247-300x225.jpg 300w, https:\/\/www.fewovermittlungkoeln.de\/content\/wp-content\/uploads\/P1020247-150x113.jpg 150w, https:\/\/www.fewovermittlungkoeln.de\/content\/wp-content\/uploads\/P1020247.jpg 1000w\" sizes=\"(max-width: 300px) 100vw, 300px\" \/><\/a><br \/>\n<iframe src=\"http:\/\/maps.google.de\/maps?f=q&amp;source=s_q&amp;hl=de&amp;geocode=&amp;q=teichstrasse+36++K%C3%B6ln&amp;sll=50.93396,6.97127&amp;sspn=0.007248,0.016544&amp;ie=UTF8&amp;hq=&amp;hnear=Teichstra%C3%9Fe+36,+K%C3%B6ln+50827+K%C3%B6ln,+Nordrhein-Westfalen&amp;ll=50.963562,6.902761&amp;spn=0.01892,0.036478&amp;z=14&amp;iwloc=A&amp;output=embed\" width=\"425\" height=\"350\" frameborder=\"0\" marginwidth=\"0\" marginheight=\"0\" scrolling=\"no\"><\/iframe><\/p>\n<hr \/>\n<h4 id=\"kontakt\">Preisgestaltung:<\/h4>\n<p>1 bis 2 Personen je Nacht: \u00a0 <strong>\u00a060 Euro*<\/strong><br \/>\n3 Personen je Nacht: \u00a0 \u00a0 \u00a0 \u00a0 \u00a0 \u00a0 <strong>70 Euro*<\/strong><br \/>\n4 Personen je Nacht: \u00a0 \u00a0 \u00a0 \u00a0 \u00a0 \u00a0 <strong>80 Euro*<br \/>\n<\/strong>5 Personen je Nacht: \u00a0 \u00a0 \u00a0 \u00a0<strong> \u00a0 <strong>100 Euro*<\/strong><br \/>\n<\/strong><\/p>\n<h5>Mindestaufenthalt: 2 N\u00e4chte<br \/>\nZu besonderen Ereignissen (z.B. Messezeiten, Karneval, Silvester) Preise auf Anfrage.<\/h5>\n<h6>*Alle Preise inklusive Mehrwertsteuer (7%)<br \/>\nbei privatem Aufenthalt zuz\u00fcglich 5% <a href=\"http:\/\/www.stadt-koeln.de\/politik-und-verwaltung\/finanzen\/kulturfoerderabgabe\" target=\"_blank\" rel=\"noopener\">Kulturf\u00f6rderabgabe<\/a>\u00a0der Stadt K\u00f6ln<\/h6>\n<p><strong>Wohnraum ID NRW 003-3-0010064-22 <\/strong><br \/>\n<span style=\"font-size: small;\"><br \/>\nAngaben zum Energieausweis: Baujahr 1968, Verbrauchsausweis, Endenergieverbrauch 172 kWh\/(m\u00b2a), Gas, Energieeffizienzklasse im Ausweis nicht angegeben<br \/>\n<\/span><\/p>\n<hr \/>\n<h3>gleich Verf\u00fcgbarkeit erfragen unter <span style=\"color: #439fe0;\">0176\/82155932<\/span><\/h3>\n<h3>oder schnell das <span style=\"color: #439fe0;\">Kontaktformular <\/span>ausf\u00fcllen!<\/h3>\n<div role=\"form\" class=\"wpcf7\" id=\"wpcf7-f1605-o1\" lang=\"de-DE\" dir=\"ltr\">\n<div class=\"screen-reader-response\"><\/div>\n<form action=\"\/content\/wp-json\/wp\/v2\/pages\/334#wpcf7-f1605-o1\" method=\"post\" class=\"wpcf7-form\" novalidate=\"novalidate\">\n<div style=\"display: none;\">\n<input type=\"hidden\" name=\"_wpcf7\" value=\"1605\" \/>\n<input type=\"hidden\" name=\"_wpcf7_version\" value=\"5.0.1\" \/>\n<input type=\"hidden\" name=\"_wpcf7_locale\" value=\"de_DE\" \/>\n<input type=\"hidden\" name=\"_wpcf7_unit_tag\" value=\"wpcf7-f1605-o1\" \/>\n<input type=\"hidden\" name=\"_wpcf7_container_post\" value=\"0\" \/>\n<\/div>\n<p><label> Ihr Name<br \/>\n    <span class=\"wpcf7-form-control-wrap your-name\"><input type=\"text\" name=\"your-name\" value=\"\" size=\"40\" class=\"wpcf7-form-control wpcf7-text wpcf7-validates-as-required\" aria-required=\"true\" aria-invalid=\"false\" \/><\/span> <\/label><\/p>\n<p><label> Ihre E-Mail-Adresse<br \/>\n    <span class=\"wpcf7-form-control-wrap your-email\"><input type=\"email\" name=\"your-email\" value=\"\" size=\"40\" class=\"wpcf7-form-control wpcf7-text wpcf7-email wpcf7-validates-as-required wpcf7-validates-as-email\" aria-required=\"true\" aria-invalid=\"false\" \/><\/span> <\/label><\/p>\n<p><label> Personen<br \/>\n    <span class=\"wpcf7-form-control-wrap persons\"><input type=\"number\" name=\"persons\" value=\"\" class=\"wpcf7-form-control wpcf7-number wpcf7-validates-as-required wpcf7-validates-as-number\" min=\"1\" aria-required=\"true\" aria-invalid=\"false\" \/><\/span> <\/label><\/p>\n<p><label> Datum (von \/ bis)<br \/>\n<span class=\"wpcf7-form-control-wrap datum\"><input type=\"text\" name=\"datum\" value=\"\" size=\"40\" class=\"wpcf7-form-control wpcf7-text\" aria-invalid=\"false\" \/><\/span> <\/label><\/p>\n<p><label> Betreff<br \/>\n    <span class=\"wpcf7-form-control-wrap your-subject\"><input type=\"text\" name=\"your-subject\" value=\"\" size=\"40\" class=\"wpcf7-form-control wpcf7-text\" aria-invalid=\"false\" \/><\/span> <\/label><\/p>\n<p><label> Ihre Nachricht<br \/>\n    <span class=\"wpcf7-form-control-wrap your-message\"><textarea name=\"your-message\" cols=\"40\" rows=\"10\" class=\"wpcf7-form-control wpcf7-textarea\" aria-invalid=\"false\"><\/textarea><\/span> <\/label><\/p>\n<p><input type=\"submit\" value=\"Senden\" class=\"wpcf7-form-control wpcf7-submit\" \/> <font color=\"red\">Aufgrund der DSGVO bitte zuerst Checkbox unten aktiveren<\/font><\/p>\n<p>Dieses Formular speichert Ihren Daten und sendet uns damit eine E-Mail. Wir werden Ihre Anfrage damit umgehend beantworten.<\/p>\n<p><span class=\"wpcf7-form-control-wrap acceptance-66\"><span class=\"wpcf7-form-control wpcf7-acceptance\"><span class=\"wpcf7-list-item\"><label><input type=\"checkbox\" name=\"acceptance-66\" value=\"1\" aria-invalid=\"false\" \/><span class=\"wpcf7-list-item-label\">Ich stimme zu<\/span><\/label><\/span><\/span><\/span><\/p>\n<div class=\"wpcf7-response-output wpcf7-display-none\"><\/div><\/form><\/div>\n","protected":false},"excerpt":{"rendered":"<p>Bickendorf\/ Gro\u00dfe Dachwohnung F\u00fcr bis zu 5 Personen, komplett eingerichtete 3 Dachgescho\u00dfwohnung (80 qm). Ausstattung: \u2022 Fernseher \u00a0\u00a0\u2022 Musikanlage \u00a0\u00a0\u2022\u00a0Gefriertruhe \u2022 K\u00fchlschrank \u00a0\u00a0\u2022 Toaster \u00a0\u00a0\u2022 Mikrowelle \u2022 Kaffeemaschine \u00a0\u00a0\u2022 Backofen gleich Verf\u00fcgbarkeit erfragen unter 0176\/82155932 bzw. per E-Mail unter xkoeln@googlemail.com oder schnell das Kontaktformular ausf\u00fcllen! \u00a0 \u00a0 \u00a0 \u00a0 \u00a0 \u00a0 Preisgestaltung: 1 bis 2<\/p>\n","protected":false},"author":1,"featured_media":0,"parent":6,"menu_order":0,"comment_status":"closed","ping_status":"closed","template":"","meta":[],"_links":{"self":[{"href":"https:\/\/www.fewovermittlungkoeln.de\/content\/wp-json\/wp\/v2\/pages\/334"}],"collection":[{"href":"https:\/\/www.fewovermittlungkoeln.de\/content\/wp-json\/wp\/v2\/pages"}],"about":[{"href":"https:\/\/www.fewovermittlungkoeln.de\/content\/wp-json\/wp\/v2\/types\/page"}],"author":[{"embeddable":true,"href":"https:\/\/www.fewovermittlungkoeln.de\/content\/wp-json\/wp\/v2\/users\/1"}],"replies":[{"embeddable":true,"href":"https:\/\/www.fewovermittlungkoeln.de\/content\/wp-json\/wp\/v2\/comments?post=334"}],"version-history":[{"count":13,"href":"https:\/\/www.fewovermittlungkoeln.de\/content\/wp-json\/wp\/v2\/pages\/334\/revisions"}],"predecessor-version":[{"id":2192,"href":"https:\/\/www.fewovermittlungkoeln.de\/content\/wp-json\/wp\/v2\/pages\/334\/revisions\/2192"}],"up":[{"embeddable":true,"href":"https:\/\/www.fewovermittlungkoeln.de\/content\/wp-json\/wp\/v2\/pages\/6"}],"wp:attachment":[{"href":"https:\/\/www.fewovermittlungkoeln.de\/content\/wp-json\/wp\/v2\/media?parent=334"}],"curies":[{"name":"wp","href":"https:\/\/api.w.org\/{rel}","templated":true}]}}