{"id":224,"date":"2016-02-25T17:09:49","date_gmt":"2016-02-25T16:09:49","guid":{"rendered":"http:\/\/www.fewovermittlungkoeln.de\/content\/?page_id=224"},"modified":"2022-12-25T15:30:34","modified_gmt":"2022-12-25T14:30:34","slug":"12-ehrenfeld-dachwohnung","status":"publish","type":"page","link":"https:\/\/www.fewovermittlungkoeln.de\/content\/ferienwohnung-koeln-uebersicht\/12-ehrenfeld-dachwohnung\/","title":{"rendered":"12a Ehrenfeld Kleine Wohnung"},"content":{"rendered":"<p><!-- Einbindung slimbox --><\/p>\n<p><script type=\"text\/javascript\" src=\"slimbox\/js\/mootools.js\"><\/script><\/p>\n<p><script type=\"text\/javascript\" src=\"slimbox\/js\/slimbox.js\"><\/script><\/p>\n<p><!-- ende slimbox --><\/p>\n<h1>Ehrenfeld \/ Dachgescho\u00dfwohnung<\/h1>\n<p>F\u00fcr bis zu 2 Personen, komplett eingerichtete Dachgeschosswohnung.<br \/>\nWohnzimmer und K\u00fcche ,Schlafzimmer mit zwei Einzelbetten<br \/>\nBadezimmer<\/p>\n<p><strong>Ausstattung:<\/strong><br \/>\n\u2022 Fernseher\u00a0 \u00a0\u2022 K\u00fchlschrank \u00a0\u00a0\u2022 Toaster \u00a0\u00a0\u2022 Mikrowelle<br \/>\n\u2022 Kaffeemaschine \u00a0\u00a0\u2022 Backofen<\/p>\n<h3><\/h3>\n<hr \/>\n<h3>gleich Verf\u00fcgbarkeit erfragen unter <span style=\"color: #439fe0;\">0176\/82155932<\/span><\/h3>\n<h3>bzw. per E-Mail unter <span style=\"color: #439fe0;\"><a href=\"mailto:xkoeln@googlemail.com?subjekt=Anfrage Whg.12\" target=\"_blank\" rel=\"noopener noreferrer\">xkoeln@googlemail.com<\/a><\/span><\/h3>\n<h3>oder schnell das <span style=\"color: #439fe0;\"><a href=\"#kontakt\">Kontaktformular <\/a><\/span>ausf\u00fcllen!<\/h3>\n<hr \/>\n<p><a href=\"http:\/\/www.fewovermittlungkoeln.de\/content\/wp-content\/uploads\/IMG_1744.jpg\" rel=\"lightbox[rink]\"><img loading=\"lazy\" class=\"alignnone size-medium wp-image-266\" src=\"http:\/\/www.fewovermittlungkoeln.de\/content\/wp-content\/uploads\/IMG_1744-300x200.jpg\" alt=\"IMG_1744\" width=\"300\" height=\"200\" srcset=\"https:\/\/www.fewovermittlungkoeln.de\/content\/wp-content\/uploads\/IMG_1744-300x200.jpg 300w, https:\/\/www.fewovermittlungkoeln.de\/content\/wp-content\/uploads\/IMG_1744-150x100.jpg 150w, https:\/\/www.fewovermittlungkoeln.de\/content\/wp-content\/uploads\/IMG_1744.jpg 1000w\" sizes=\"(max-width: 300px) 100vw, 300px\" \/><\/a>\u00a0 \u00a0<a href=\"http:\/\/www.fewovermittlungkoeln.de\/content\/wp-content\/uploads\/IMG_1749.jpg\" rel=\"lightbox[rink]\"><img loading=\"lazy\" class=\"alignnone size-medium wp-image-267\" src=\"http:\/\/www.fewovermittlungkoeln.de\/content\/wp-content\/uploads\/IMG_1749-300x200.jpg\" alt=\"IMG_1749\" width=\"300\" height=\"200\" srcset=\"https:\/\/www.fewovermittlungkoeln.de\/content\/wp-content\/uploads\/IMG_1749-300x200.jpg 300w, https:\/\/www.fewovermittlungkoeln.de\/content\/wp-content\/uploads\/IMG_1749-150x100.jpg 150w, https:\/\/www.fewovermittlungkoeln.de\/content\/wp-content\/uploads\/IMG_1749.jpg 1000w\" sizes=\"(max-width: 300px) 100vw, 300px\" \/><\/a><\/p>\n<p><a href=\"http:\/\/www.fewovermittlungkoeln.de\/content\/wp-content\/uploads\/IMG_1737.jpg\" rel=\"lightbox[rink]\"><img loading=\"lazy\" class=\"alignnone size-medium wp-image-264\" src=\"http:\/\/www.fewovermittlungkoeln.de\/content\/wp-content\/uploads\/IMG_1737-300x200.jpg\" alt=\"IMG_1737\" width=\"300\" height=\"200\" srcset=\"https:\/\/www.fewovermittlungkoeln.de\/content\/wp-content\/uploads\/IMG_1737-300x200.jpg 300w, https:\/\/www.fewovermittlungkoeln.de\/content\/wp-content\/uploads\/IMG_1737-150x100.jpg 150w, https:\/\/www.fewovermittlungkoeln.de\/content\/wp-content\/uploads\/IMG_1737.jpg 1000w\" sizes=\"(max-width: 300px) 100vw, 300px\" \/><\/a>\u00a0 \u00a0<a href=\"http:\/\/www.fewovermittlungkoeln.de\/content\/wp-content\/uploads\/IMG_1735.jpg\" rel=\"lightbox[rink]\"><img loading=\"lazy\" class=\"alignnone size-medium wp-image-263\" src=\"http:\/\/www.fewovermittlungkoeln.de\/content\/wp-content\/uploads\/IMG_1735-300x200.jpg\" alt=\"IMG_1735\" width=\"300\" height=\"200\" srcset=\"https:\/\/www.fewovermittlungkoeln.de\/content\/wp-content\/uploads\/IMG_1735-300x200.jpg 300w, https:\/\/www.fewovermittlungkoeln.de\/content\/wp-content\/uploads\/IMG_1735-150x100.jpg 150w, https:\/\/www.fewovermittlungkoeln.de\/content\/wp-content\/uploads\/IMG_1735.jpg 1000w\" sizes=\"(max-width: 300px) 100vw, 300px\" \/><\/a><\/p>\n<p><a href=\"http:\/\/www.fewovermittlungkoeln.de\/content\/wp-content\/uploads\/IMG_1751.jpg\" rel=\"lightbox[rink]\"><img loading=\"lazy\" class=\"alignnone size-medium wp-image-268\" src=\"http:\/\/www.fewovermittlungkoeln.de\/content\/wp-content\/uploads\/IMG_1751-300x200.jpg\" alt=\"IMG_1751\" width=\"300\" height=\"200\" srcset=\"https:\/\/www.fewovermittlungkoeln.de\/content\/wp-content\/uploads\/IMG_1751-300x200.jpg 300w, https:\/\/www.fewovermittlungkoeln.de\/content\/wp-content\/uploads\/IMG_1751-150x100.jpg 150w, https:\/\/www.fewovermittlungkoeln.de\/content\/wp-content\/uploads\/IMG_1751.jpg 1000w\" sizes=\"(max-width: 300px) 100vw, 300px\" \/><\/a>\u00a0 \u00a0<a href=\"http:\/\/www.fewovermittlungkoeln.de\/content\/wp-content\/uploads\/IMG_1752.jpg\" rel=\"lightbox[rink]\"><img loading=\"lazy\" class=\"alignnone size-medium wp-image-269\" src=\"http:\/\/www.fewovermittlungkoeln.de\/content\/wp-content\/uploads\/IMG_1752-300x200.jpg\" alt=\"IMG_1752\" width=\"300\" height=\"200\" srcset=\"https:\/\/www.fewovermittlungkoeln.de\/content\/wp-content\/uploads\/IMG_1752-300x200.jpg 300w, https:\/\/www.fewovermittlungkoeln.de\/content\/wp-content\/uploads\/IMG_1752-150x100.jpg 150w, https:\/\/www.fewovermittlungkoeln.de\/content\/wp-content\/uploads\/IMG_1752.jpg 1000w\" sizes=\"(max-width: 300px) 100vw, 300px\" \/><\/a><\/p>\n<p><a href=\"http:\/\/www.fewovermittlungkoeln.de\/content\/wp-content\/uploads\/IMG_1742.jpg\" rel=\"lightbox[rink]\"><img loading=\"lazy\" class=\"alignnone size-medium wp-image-265\" src=\"http:\/\/www.fewovermittlungkoeln.de\/content\/wp-content\/uploads\/IMG_1742-200x300.jpg\" alt=\"IMG_1742\" width=\"200\" height=\"300\" srcset=\"https:\/\/www.fewovermittlungkoeln.de\/content\/wp-content\/uploads\/IMG_1742-200x300.jpg 200w, https:\/\/www.fewovermittlungkoeln.de\/content\/wp-content\/uploads\/IMG_1742-100x150.jpg 100w, https:\/\/www.fewovermittlungkoeln.de\/content\/wp-content\/uploads\/IMG_1742.jpg 667w\" sizes=\"(max-width: 200px) 100vw, 200px\" \/><\/a>\u00a0 \u00a0<a href=\"http:\/\/www.fewovermittlungkoeln.de\/content\/wp-content\/uploads\/IMG_1754.jpg\" rel=\"lightbox[rink]\"><img loading=\"lazy\" class=\"alignnone size-medium wp-image-270\" src=\"http:\/\/www.fewovermittlungkoeln.de\/content\/wp-content\/uploads\/IMG_1754-200x300.jpg\" alt=\"IMG_1754\" width=\"200\" height=\"300\" srcset=\"https:\/\/www.fewovermittlungkoeln.de\/content\/wp-content\/uploads\/IMG_1754-200x300.jpg 200w, https:\/\/www.fewovermittlungkoeln.de\/content\/wp-content\/uploads\/IMG_1754-100x150.jpg 100w, https:\/\/www.fewovermittlungkoeln.de\/content\/wp-content\/uploads\/IMG_1754.jpg 667w\" sizes=\"(max-width: 200px) 100vw, 200px\" \/><\/a><\/p>\n<p><a href=\"http:\/\/www.fewovermittlungkoeln.de\/content\/wp-content\/uploads\/IMG_1732.jpg\" rel=\"lightbox[rink]\"><img loading=\"lazy\" class=\"alignnone size-medium wp-image-262\" src=\"http:\/\/www.fewovermittlungkoeln.de\/content\/wp-content\/uploads\/IMG_1732-300x200.jpg\" alt=\"IMG_1732\" width=\"300\" height=\"200\" srcset=\"https:\/\/www.fewovermittlungkoeln.de\/content\/wp-content\/uploads\/IMG_1732-300x200.jpg 300w, https:\/\/www.fewovermittlungkoeln.de\/content\/wp-content\/uploads\/IMG_1732-150x100.jpg 150w, https:\/\/www.fewovermittlungkoeln.de\/content\/wp-content\/uploads\/IMG_1732.jpg 1000w\" sizes=\"(max-width: 300px) 100vw, 300px\" \/><\/a><\/p>\n<p><a href=\"http:\/\/www.fewovermittlungkoeln.de\/content\/wp-content\/uploads\/IMG_1730.jpg\" rel=\"lightbox[rink]\"><img loading=\"lazy\" class=\"alignnone size-medium wp-image-271\" src=\"http:\/\/www.fewovermittlungkoeln.de\/content\/wp-content\/uploads\/IMG_1730-200x300.jpg\" alt=\"IMG_1730\" width=\"200\" height=\"300\" srcset=\"https:\/\/www.fewovermittlungkoeln.de\/content\/wp-content\/uploads\/IMG_1730-200x300.jpg 200w, https:\/\/www.fewovermittlungkoeln.de\/content\/wp-content\/uploads\/IMG_1730-100x150.jpg 100w, https:\/\/www.fewovermittlungkoeln.de\/content\/wp-content\/uploads\/IMG_1730.jpg 667w\" sizes=\"(max-width: 200px) 100vw, 200px\" \/><\/a><br \/>\n<iframe src=\"http:\/\/maps.google.de\/maps?f=q&amp;source=s_q&amp;hl=de&amp;geocode=&amp;q=Leyendeckerstra%C3%9Fe+85,+K%C3%B6ln&amp;aq=&amp;sll=50.955742,6.911575&amp;sspn=0.001316,0.004128&amp;ie=UTF8&amp;hq=&amp;hnear=Leyendeckerstra%C3%9Fe+85,+K%C3%B6ln+50825+K%C3%B6ln,+Nordrhein-Westfalen&amp;ll=50.95867,6.912374&amp;spn=0.009461,0.018239&amp;z=15&amp;iwloc=A&amp;output=embed\" width=\"425\" height=\"350\" frameborder=\"0\" marginwidth=\"0\" marginheight=\"0\" scrolling=\"no\"><\/iframe><\/p>\n<hr \/>\n<h4 id=\"kontakt\">Preisgestaltung:<\/h4>\n<p>1 bis 2 Personen je Nacht: \u00a0 <strong>\u00a070 Euro*<\/strong><br \/>\n3 Personen je Nacht: \u00a0 \u00a0 \u00a0 \u00a0 \u00a0 \u00a0 <strong>80 Euro*<\/strong><br \/>\n4 Personen je Nacht: \u00a0 \u00a0 \u00a0 \u00a0 \u00a0 \u00a0 <strong>90 Euro*<br \/>\n<\/strong>5 Personen je Nacht: \u00a0 \u00a0 \u00a0 \u00a0 \u00a0 <strong>110 Euro*<\/strong><\/p>\n<h5>Mindestaufenthalt: 2 N\u00e4chte<br \/>\nZu besonderen Ereignissen (z.B. Messezeiten, Karneval, Silvester) Preise auf Anfrage.<\/h5>\n<h6>*Alle Preise inklusive Mehrwertsteuer (7%)<br \/>\nbei privatem Aufenthalt zuz\u00fcglich 5% <a href=\"http:\/\/www.stadt-koeln.de\/politik-und-verwaltung\/finanzen\/kulturfoerderabgabe\" target=\"_blank\" rel=\"noopener noreferrer\">Kulturf\u00f6rderabgabe<\/a>\u00a0der Stadt K\u00f6ln<\/h6>\n<p><span style=\"font-size: small;\"><strong>Wohnraum ID NRW 003-3-0010045-22\u00a0<\/strong><br \/>\nAngaben zum Energieausweis: Baujahr 1969, Verbrauchsausweis, Endenergieverbrauch 189 kWh\/(m\u00b2a), Gas, Energieeffizienzklasse im Ausweis nicht angegeben<br \/>\n<\/span><\/p>\n<hr \/>\n<h3>gleich Verf\u00fcgbarkeit erfragen unter <span style=\"color: #439fe0;\">0176\/82155932<\/span><\/h3>\n<h3>oder schnell das <span style=\"color: #439fe0;\">Kontaktformular <\/span>ausf\u00fcllen!<\/h3>\n<div role=\"form\" class=\"wpcf7\" id=\"wpcf7-f1588-o1\" lang=\"de-DE\" dir=\"ltr\">\n<div class=\"screen-reader-response\"><\/div>\n<form action=\"\/content\/wp-json\/wp\/v2\/pages\/224#wpcf7-f1588-o1\" method=\"post\" class=\"wpcf7-form\" novalidate=\"novalidate\">\n<div style=\"display: none;\">\n<input type=\"hidden\" name=\"_wpcf7\" value=\"1588\" \/>\n<input type=\"hidden\" name=\"_wpcf7_version\" value=\"5.0.1\" \/>\n<input type=\"hidden\" name=\"_wpcf7_locale\" value=\"de_DE\" \/>\n<input type=\"hidden\" name=\"_wpcf7_unit_tag\" value=\"wpcf7-f1588-o1\" \/>\n<input type=\"hidden\" name=\"_wpcf7_container_post\" value=\"0\" \/>\n<\/div>\n<p><label> Ihr Name<br \/>\n    <span class=\"wpcf7-form-control-wrap your-name\"><input type=\"text\" name=\"your-name\" value=\"\" size=\"40\" class=\"wpcf7-form-control wpcf7-text wpcf7-validates-as-required\" aria-required=\"true\" aria-invalid=\"false\" \/><\/span> <\/label><\/p>\n<p><label> Ihre E-Mail-Adresse<br \/>\n    <span class=\"wpcf7-form-control-wrap your-email\"><input type=\"email\" name=\"your-email\" value=\"\" size=\"40\" class=\"wpcf7-form-control wpcf7-text wpcf7-email wpcf7-validates-as-required wpcf7-validates-as-email\" aria-required=\"true\" aria-invalid=\"false\" \/><\/span> <\/label><\/p>\n<p><label> Personen<br \/>\n    <span class=\"wpcf7-form-control-wrap persons\"><input type=\"number\" name=\"persons\" value=\"\" class=\"wpcf7-form-control wpcf7-number wpcf7-validates-as-required wpcf7-validates-as-number\" min=\"1\" aria-required=\"true\" aria-invalid=\"false\" \/><\/span> <\/label><\/p>\n<p><label> Datum (von \/ bis)<br \/>\n<span class=\"wpcf7-form-control-wrap datum\"><input type=\"text\" name=\"datum\" value=\"\" size=\"40\" class=\"wpcf7-form-control wpcf7-text\" aria-invalid=\"false\" \/><\/span> <\/label><\/p>\n<p><label> Betreff<br \/>\n    <span class=\"wpcf7-form-control-wrap your-subject\"><input type=\"text\" name=\"your-subject\" value=\"\" size=\"40\" class=\"wpcf7-form-control wpcf7-text\" aria-invalid=\"false\" \/><\/span> <\/label><\/p>\n<p><label> Ihre Nachricht<br \/>\n    <span class=\"wpcf7-form-control-wrap your-message\"><textarea name=\"your-message\" cols=\"40\" rows=\"10\" class=\"wpcf7-form-control wpcf7-textarea\" aria-invalid=\"false\"><\/textarea><\/span> <\/label><\/p>\n<p><input type=\"submit\" value=\"Senden\" class=\"wpcf7-form-control wpcf7-submit\" \/> <font color=\"red\">Aufgrund der DSGVO bitte zuerst Checkbox unten aktiveren<\/font><\/p>\n<p>Dieses Formular speichert Ihren Daten und sendet uns damit eine E-Mail. Wir werden Ihre Anfrage damit umgehend beantworten.<\/p>\n<p><span class=\"wpcf7-form-control-wrap acceptance-66\"><span class=\"wpcf7-form-control wpcf7-acceptance\"><span class=\"wpcf7-list-item\"><label><input type=\"checkbox\" name=\"acceptance-66\" value=\"1\" aria-invalid=\"false\" \/><span class=\"wpcf7-list-item-label\">Ich stimme zu<\/span><\/label><\/span><\/span><\/span><\/p>\n<div class=\"wpcf7-response-output wpcf7-display-none\"><\/div><\/form><\/div>\n","protected":false},"excerpt":{"rendered":"<p>Ehrenfeld \/ Dachgescho\u00dfwohnung F\u00fcr bis zu 2 Personen, komplett eingerichtete Dachgeschosswohnung. Wohnzimmer und K\u00fcche ,Schlafzimmer mit zwei Einzelbetten Badezimmer Ausstattung: \u2022 Fernseher\u00a0 \u00a0\u2022 K\u00fchlschrank \u00a0\u00a0\u2022 Toaster \u00a0\u00a0\u2022 Mikrowelle \u2022 Kaffeemaschine \u00a0\u00a0\u2022 Backofen gleich Verf\u00fcgbarkeit erfragen unter 0176\/82155932 bzw. per E-Mail unter xkoeln@googlemail.com oder schnell das Kontaktformular ausf\u00fcllen! \u00a0 \u00a0 \u00a0 \u00a0 \u00a0 \u00a0 \u00a0 \u00a0<\/p>\n","protected":false},"author":1,"featured_media":0,"parent":6,"menu_order":0,"comment_status":"closed","ping_status":"closed","template":"","meta":[],"_links":{"self":[{"href":"https:\/\/www.fewovermittlungkoeln.de\/content\/wp-json\/wp\/v2\/pages\/224"}],"collection":[{"href":"https:\/\/www.fewovermittlungkoeln.de\/content\/wp-json\/wp\/v2\/pages"}],"about":[{"href":"https:\/\/www.fewovermittlungkoeln.de\/content\/wp-json\/wp\/v2\/types\/page"}],"author":[{"embeddable":true,"href":"https:\/\/www.fewovermittlungkoeln.de\/content\/wp-json\/wp\/v2\/users\/1"}],"replies":[{"embeddable":true,"href":"https:\/\/www.fewovermittlungkoeln.de\/content\/wp-json\/wp\/v2\/comments?post=224"}],"version-history":[{"count":19,"href":"https:\/\/www.fewovermittlungkoeln.de\/content\/wp-json\/wp\/v2\/pages\/224\/revisions"}],"predecessor-version":[{"id":2188,"href":"https:\/\/www.fewovermittlungkoeln.de\/content\/wp-json\/wp\/v2\/pages\/224\/revisions\/2188"}],"up":[{"embeddable":true,"href":"https:\/\/www.fewovermittlungkoeln.de\/content\/wp-json\/wp\/v2\/pages\/6"}],"wp:attachment":[{"href":"https:\/\/www.fewovermittlungkoeln.de\/content\/wp-json\/wp\/v2\/media?parent=224"}],"curies":[{"name":"wp","href":"https:\/\/api.w.org\/{rel}","templated":true}]}}