{"id":218,"date":"2016-02-22T09:29:06","date_gmt":"2016-02-22T08:29:06","guid":{"rendered":"http:\/\/www.fewovermittlungkoeln.de\/content\/?page_id=218"},"modified":"2022-12-25T15:29:37","modified_gmt":"2022-12-25T14:29:37","slug":"05-weiden-14-min-zum-dom","status":"publish","type":"page","link":"https:\/\/www.fewovermittlungkoeln.de\/content\/ferienwohnung-koeln-uebersicht\/05-weiden-14-min-zum-dom\/","title":{"rendered":"05 K\u00f6ln Weiden Wohnung"},"content":{"rendered":"<p><!-- Einbindung slimbox --><\/p>\n<p><script type=\"text\/javascript\" src=\"slimbox\/js\/mootools.js\"><\/script><\/p>\n<p><script type=\"text\/javascript\" src=\"slimbox\/js\/slimbox.js\"><\/script><\/p>\n<p><!-- ende slimbox --><\/p>\n<h1>K\u00f6ln Weiden &#8211; 14 Minuten zum Dom<\/h1>\n<p>f\u00fcr bis zu 4 Personen, komplett eingerichtete, 2 Zimmer Nichtraucherwohnung (ca.40 qm).<br \/>\nOptimale Verkehrsanbindung durch S-Bahn (14 min zum Dom),<br \/>\noder auch Stra\u00dfenbahn, mitten im K\u00f6lner Stadtteil K\u00f6ln-Weiden.<\/p>\n<p>Zur Wohnung geh\u00f6ren zwei PKW-Stellpl\u00e4tze.<\/p>\n<p><strong>Ausstattung:<\/strong><br \/>\n\u2022 Fernseher \u00a0\u00a0\u2022 Musikanlage \u2022 Waschmaschine<br \/>\n\u2022 K\u00fchlschrank \u00a0\u00a0\u2022 Toaster \u00a0\u00a0\u2022 Mikrowelle<br \/>\n\u2022 Kaffeemaschine \u00a0\u00a0\u2022 DVD-Player<\/p>\n<h3><\/h3>\n<hr \/>\n<h3>gleich Verf\u00fcgbarkeit erfragen unter <span style=\"color: #439fe0;\">0176\/82155932<\/span><\/h3>\n<h3>bzw. per E-Mail unter <span style=\"color: #439fe0;\"><a href=\"mailto:xkoeln@googlemail.com?subjekt=Anfrage Whg.5\" target=\"_blank\" rel=\"noopener\">xkoeln@googlemail.com<\/a><\/span><\/h3>\n<h3>oder schnell das <span style=\"color: #439fe0;\"><a href=\"#kontakt\">Kontaktformular <\/a><\/span>ausf\u00fcllen!<\/h3>\n<hr \/>\n<p><a href=\"http:\/\/www.fewovermittlungkoeln.de\/content\/wp-content\/uploads\/055.jpg\" rel=\"lightbox[rink]\"><img loading=\"lazy\" class=\"alignnone size-medium wp-image-255\" src=\"http:\/\/www.fewovermittlungkoeln.de\/content\/wp-content\/uploads\/055-300x225.jpg\" alt=\"055\" width=\"300\" height=\"225\" srcset=\"https:\/\/www.fewovermittlungkoeln.de\/content\/wp-content\/uploads\/055-300x225.jpg 300w, https:\/\/www.fewovermittlungkoeln.de\/content\/wp-content\/uploads\/055-150x113.jpg 150w, https:\/\/www.fewovermittlungkoeln.de\/content\/wp-content\/uploads\/055.jpg 800w\" sizes=\"(max-width: 300px) 100vw, 300px\" \/><\/a>\u00a0\u00a0 <a href=\"http:\/\/www.fewovermittlungkoeln.de\/content\/wp-content\/uploads\/061.jpg\" rel=\"lightbox[rink]\"><img loading=\"lazy\" class=\"alignnone size-medium wp-image-254\" src=\"http:\/\/www.fewovermittlungkoeln.de\/content\/wp-content\/uploads\/061-300x225.jpg\" alt=\"061\" width=\"300\" height=\"225\" srcset=\"https:\/\/www.fewovermittlungkoeln.de\/content\/wp-content\/uploads\/061-300x225.jpg 300w, https:\/\/www.fewovermittlungkoeln.de\/content\/wp-content\/uploads\/061-150x113.jpg 150w, https:\/\/www.fewovermittlungkoeln.de\/content\/wp-content\/uploads\/061.jpg 800w\" sizes=\"(max-width: 300px) 100vw, 300px\" \/><\/a><\/p>\n<p><a href=\"http:\/\/www.fewovermittlungkoeln.de\/content\/wp-content\/uploads\/060.jpg\" rel=\"lightbox[rink]\"><img loading=\"lazy\" class=\"alignnone size-medium wp-image-253\" src=\"http:\/\/www.fewovermittlungkoeln.de\/content\/wp-content\/uploads\/060-300x225.jpg\" alt=\"060\" width=\"300\" height=\"225\" srcset=\"https:\/\/www.fewovermittlungkoeln.de\/content\/wp-content\/uploads\/060-300x225.jpg 300w, https:\/\/www.fewovermittlungkoeln.de\/content\/wp-content\/uploads\/060-150x113.jpg 150w, https:\/\/www.fewovermittlungkoeln.de\/content\/wp-content\/uploads\/060.jpg 800w\" sizes=\"(max-width: 300px) 100vw, 300px\" \/><\/a>\u00a0\u00a0 <a href=\"http:\/\/www.fewovermittlungkoeln.de\/content\/wp-content\/uploads\/058.jpg\" rel=\"lightbox[rink]\"><img loading=\"lazy\" class=\"alignnone size-medium wp-image-252\" src=\"http:\/\/www.fewovermittlungkoeln.de\/content\/wp-content\/uploads\/058-300x225.jpg\" alt=\"058\" width=\"300\" height=\"225\" srcset=\"https:\/\/www.fewovermittlungkoeln.de\/content\/wp-content\/uploads\/058-300x225.jpg 300w, https:\/\/www.fewovermittlungkoeln.de\/content\/wp-content\/uploads\/058-150x113.jpg 150w, https:\/\/www.fewovermittlungkoeln.de\/content\/wp-content\/uploads\/058.jpg 800w\" sizes=\"(max-width: 300px) 100vw, 300px\" \/><\/a><\/p>\n<p><a href=\"http:\/\/www.fewovermittlungkoeln.de\/content\/wp-content\/uploads\/057.jpg\" rel=\"lightbox[rink]\"><img loading=\"lazy\" class=\"alignnone size-medium wp-image-251\" src=\"http:\/\/www.fewovermittlungkoeln.de\/content\/wp-content\/uploads\/057-300x225.jpg\" alt=\"057\" width=\"300\" height=\"225\" srcset=\"https:\/\/www.fewovermittlungkoeln.de\/content\/wp-content\/uploads\/057-300x225.jpg 300w, https:\/\/www.fewovermittlungkoeln.de\/content\/wp-content\/uploads\/057-150x113.jpg 150w, https:\/\/www.fewovermittlungkoeln.de\/content\/wp-content\/uploads\/057.jpg 800w\" sizes=\"(max-width: 300px) 100vw, 300px\" \/><\/a>\u00a0\u00a0 <a href=\"http:\/\/www.fewovermittlungkoeln.de\/content\/wp-content\/uploads\/056.jpg\" rel=\"lightbox[rink]\"><img loading=\"lazy\" class=\"alignnone size-medium wp-image-250\" src=\"http:\/\/www.fewovermittlungkoeln.de\/content\/wp-content\/uploads\/056-300x225.jpg\" alt=\"056\" width=\"300\" height=\"225\" srcset=\"https:\/\/www.fewovermittlungkoeln.de\/content\/wp-content\/uploads\/056-300x225.jpg 300w, https:\/\/www.fewovermittlungkoeln.de\/content\/wp-content\/uploads\/056-150x113.jpg 150w, https:\/\/www.fewovermittlungkoeln.de\/content\/wp-content\/uploads\/056.jpg 800w\" sizes=\"(max-width: 300px) 100vw, 300px\" \/><\/a><\/p>\n<p><iframe src=\"http:\/\/maps.google.de\/maps?f=q&amp;hl=de&amp;q=Gartenweg+26,+Weiden+50859+K%C3%B6ln,+K%C3%B6ln,+Nordrhein-Westfalen&amp;sll=51.151786,10.415039&amp;sspn=12.914879,39.550781&amp;ie=UTF8&amp;cd=2&amp;geocode=FdVKCQMdSjVoAA&amp;ll=50.948208,6.833582&amp;spn=0.006328,0.019312&amp;z=14&amp;g=Gartenweg+26,+Weiden+50859+K%C3%B6ln,+K%C3%B6ln,+Nordrhein-Westfalen&amp;iwloc=addr&amp;output=embed&amp;s=AARTsJpqltW6iN28bGHPH3l9T7rngKAFAA\" width=\"425\" height=\"350\" frameborder=\"0\" marginwidth=\"0\" marginheight=\"0\" scrolling=\"no\"><\/iframe><\/p>\n<hr \/>\n<h4 id=\"kontakt\">Preisgestaltung:<\/h4>\n<p>1 Person je Nacht: \u00a0 \u00a0 \u00a0 \u00a0 \u00a0 <strong>50 Euro*<\/strong><br \/>\n2 Personen je Nacht: \u00a0 \u00a0 \u00a0 \u00a0 \u00a0 <strong>60 Euro*<\/strong><br \/>\n3 Personen je Nacht: \u00a0 \u00a0 \u00a0 \u00a0 \u00a0 <strong>70 Euro*<\/strong><br \/>\n4 Personen je Nacht: \u00a0 \u00a0 \u00a0 \u00a0 \u00a0 <strong>80 Euro*<\/strong><\/p>\n<h5>Mindestaufenthalt: 2 N\u00e4chte<br \/>\nZu besonderen Ereignissen (z.B. Messezeiten, Karneval, Silvester) Preise auf Anfrage.<\/h5>\n<h6>*Alle Preise inklusive Mehrwertsteuer (7%)<br \/>\nbei privatem Aufenthalt zuz\u00fcglich 5% <a href=\"http:\/\/www.stadt-koeln.de\/politik-und-verwaltung\/finanzen\/kulturfoerderabgabe\" target=\"_blank\" rel=\"noopener\">Kulturf\u00f6rderabgabe<\/a>\u00a0der Stadt K\u00f6ln<\/h6>\n<p><strong>Wohnraum ID NRW 003-3-0010047-22 <\/strong><br \/>\n<span style=\"font-size: small;\"><br \/>\nAngaben zum Energieausweis: Baujahr 1973, Verbrauchsausweis, Endenergieverbrauch 123 kWh\/(m\u00b2a), Gas, Energieeffizienzklasse im Ausweis nicht angegeben<br \/>\n<\/span><\/p>\n<hr \/>\n<h3>gleich Verf\u00fcgbarkeit erfragen unter <span style=\"color: #439fe0;\">0176\/82155932<\/span><\/h3>\n<h3>oder schnell das <span style=\"color: #439fe0;\">Kontaktformular <\/span>ausf\u00fcllen!<\/h3>\n<div role=\"form\" class=\"wpcf7\" id=\"wpcf7-f1584-o1\" lang=\"de-DE\" dir=\"ltr\">\n<div class=\"screen-reader-response\"><\/div>\n<form action=\"\/content\/wp-json\/wp\/v2\/pages\/218#wpcf7-f1584-o1\" method=\"post\" class=\"wpcf7-form\" novalidate=\"novalidate\">\n<div style=\"display: none;\">\n<input type=\"hidden\" name=\"_wpcf7\" value=\"1584\" \/>\n<input type=\"hidden\" name=\"_wpcf7_version\" value=\"5.0.1\" \/>\n<input type=\"hidden\" name=\"_wpcf7_locale\" value=\"de_DE\" \/>\n<input type=\"hidden\" name=\"_wpcf7_unit_tag\" value=\"wpcf7-f1584-o1\" \/>\n<input type=\"hidden\" name=\"_wpcf7_container_post\" value=\"0\" \/>\n<\/div>\n<p><label> Ihr Name<br \/>\n    <span class=\"wpcf7-form-control-wrap your-name\"><input type=\"text\" name=\"your-name\" value=\"\" size=\"40\" class=\"wpcf7-form-control wpcf7-text wpcf7-validates-as-required\" aria-required=\"true\" aria-invalid=\"false\" \/><\/span> <\/label><\/p>\n<p><label> Ihre E-Mail-Adresse<br \/>\n    <span class=\"wpcf7-form-control-wrap your-email\"><input type=\"email\" name=\"your-email\" value=\"\" size=\"40\" class=\"wpcf7-form-control wpcf7-text wpcf7-email wpcf7-validates-as-required wpcf7-validates-as-email\" aria-required=\"true\" aria-invalid=\"false\" \/><\/span> <\/label><\/p>\n<p><label> Personen<br \/>\n    <span class=\"wpcf7-form-control-wrap persons\"><input type=\"number\" name=\"persons\" value=\"\" class=\"wpcf7-form-control wpcf7-number wpcf7-validates-as-required wpcf7-validates-as-number\" min=\"1\" aria-required=\"true\" aria-invalid=\"false\" \/><\/span> <\/label><\/p>\n<p><label> Datum (von \/ bis)<br \/>\n<span class=\"wpcf7-form-control-wrap datum\"><input type=\"text\" name=\"datum\" value=\"\" size=\"40\" class=\"wpcf7-form-control wpcf7-text\" aria-invalid=\"false\" \/><\/span> <\/label><\/p>\n<p><label> Betreff<br \/>\n    <span class=\"wpcf7-form-control-wrap your-subject\"><input type=\"text\" name=\"your-subject\" value=\"\" size=\"40\" class=\"wpcf7-form-control wpcf7-text\" aria-invalid=\"false\" \/><\/span> <\/label><\/p>\n<p><label> Ihre Nachricht<br \/>\n    <span class=\"wpcf7-form-control-wrap your-message\"><textarea name=\"your-message\" cols=\"40\" rows=\"10\" class=\"wpcf7-form-control wpcf7-textarea\" aria-invalid=\"false\"><\/textarea><\/span> <\/label><\/p>\n<p><input type=\"submit\" value=\"Senden\" class=\"wpcf7-form-control wpcf7-submit\" \/> <font color=\"red\">Aufgrund der DSGVO bitte zuerst Checkbox unten aktiveren<\/font><\/p>\n<p>Dieses Formular speichert Ihren Daten und sendet uns damit eine E-Mail. Wir werden Ihre Anfrage damit umgehend beantworten.<\/p>\n<p><span class=\"wpcf7-form-control-wrap acceptance-66\"><span class=\"wpcf7-form-control wpcf7-acceptance\"><span class=\"wpcf7-list-item\"><label><input type=\"checkbox\" name=\"acceptance-66\" value=\"1\" aria-invalid=\"false\" \/><span class=\"wpcf7-list-item-label\">Ich stimme zu<\/span><\/label><\/span><\/span><\/span><\/p>\n<div class=\"wpcf7-response-output wpcf7-display-none\"><\/div><\/form><\/div>\n","protected":false},"excerpt":{"rendered":"<p>K\u00f6ln Weiden &#8211; 14 Minuten zum Dom f\u00fcr bis zu 4 Personen, komplett eingerichtete, 2 Zimmer Nichtraucherwohnung (ca.40 qm). Optimale Verkehrsanbindung durch S-Bahn (14 min zum Dom), oder auch Stra\u00dfenbahn, mitten im K\u00f6lner Stadtteil K\u00f6ln-Weiden. Zur Wohnung geh\u00f6ren zwei PKW-Stellpl\u00e4tze. Ausstattung: \u2022 Fernseher \u00a0\u00a0\u2022 Musikanlage \u2022 Waschmaschine \u2022 K\u00fchlschrank \u00a0\u00a0\u2022 Toaster \u00a0\u00a0\u2022 Mikrowelle \u2022 Kaffeemaschine<\/p>\n","protected":false},"author":1,"featured_media":0,"parent":6,"menu_order":0,"comment_status":"closed","ping_status":"closed","template":"","meta":[],"_links":{"self":[{"href":"https:\/\/www.fewovermittlungkoeln.de\/content\/wp-json\/wp\/v2\/pages\/218"}],"collection":[{"href":"https:\/\/www.fewovermittlungkoeln.de\/content\/wp-json\/wp\/v2\/pages"}],"about":[{"href":"https:\/\/www.fewovermittlungkoeln.de\/content\/wp-json\/wp\/v2\/types\/page"}],"author":[{"embeddable":true,"href":"https:\/\/www.fewovermittlungkoeln.de\/content\/wp-json\/wp\/v2\/users\/1"}],"replies":[{"embeddable":true,"href":"https:\/\/www.fewovermittlungkoeln.de\/content\/wp-json\/wp\/v2\/comments?post=218"}],"version-history":[{"count":18,"href":"https:\/\/www.fewovermittlungkoeln.de\/content\/wp-json\/wp\/v2\/pages\/218\/revisions"}],"predecessor-version":[{"id":2185,"href":"https:\/\/www.fewovermittlungkoeln.de\/content\/wp-json\/wp\/v2\/pages\/218\/revisions\/2185"}],"up":[{"embeddable":true,"href":"https:\/\/www.fewovermittlungkoeln.de\/content\/wp-json\/wp\/v2\/pages\/6"}],"wp:attachment":[{"href":"https:\/\/www.fewovermittlungkoeln.de\/content\/wp-json\/wp\/v2\/media?parent=218"}],"curies":[{"name":"wp","href":"https:\/\/api.w.org\/{rel}","templated":true}]}}